{"id":37,"date":"2014-08-20T09:02:58","date_gmt":"2014-08-20T09:02:58","guid":{"rendered":"http:\/\/www.nachhaltigkeit-ingna.ch\/wordpress\/wordpress\/wordpress\/wordpresswordpress\/?page_id=37"},"modified":"2018-03-21T11:48:26","modified_gmt":"2018-03-21T10:48:26","slug":"gesundheit-wettbewerbsvorteil","status":"publish","type":"page","link":"https:\/\/www.nachhaltigkeit-ingna.ch\/wordpress\/gesundheit-am-arbeitsplatz\/gesundheit-wettbewerbsvorteil\/","title":{"rendered":"Gesundheit als Wettbewerbsvorteil"},"content":{"rendered":"<div style='padding-bottom:10px;color:#1e2a68;' class='av-special-heading av-special-heading-h1 custom-color-heading blockquote modern-quote '><h1 class='av-special-heading-tag'  itemprop=\"headline\"  >Gesundheit als Wettbewerbsvorteil \u2013 Gesundheit als F\u00fchrungsstil<\/h1><div class='special-heading-border'><div class='special-heading-inner-border' style='border-color:#1e2a68'><\/div><\/div><\/div>\n<section class=\"av_textblock_section\"  itemscope=\"itemscope\" itemtype=\"https:\/\/schema.org\/CreativeWork\" ><div class='avia_textblock '   itemprop=\"text\" ><h4>Ein gesunder Mitarbeiter ist pr\u00e4sent, motiviert und effizient, d.h. er hat die M\u00f6glichkeit ziel- und l\u00f6sungsorientiert zum Wohle der Firma zu arbeiten.<\/h4>\n<h4>Das F\u00fchrungsverhalten von Vorgesetzten beeinflusst die Gesundheit der Mitarbeitenden massgeblich. Schon wieder beweist dies eine Studie.<\/h4>\n<\/div><\/section>\n<div style='height:30px' class='hr hr-invisible '><span class='hr-inner ' ><span class='hr-inner-style'><\/span><\/span><\/div>\n<div class='avia-image-container  av-styling-   avia-align-left '  itemscope=\"itemscope\" itemtype=\"https:\/\/schema.org\/ImageObject\"  ><div class='avia-image-container-inner'><img class='avia_image ' src='https:\/\/www.nachhaltigkeit-ingna.ch\/wordpress\/wp-content\/uploads\/2014\/08\/Ingna_Gesundheit_Fuehrungsstil_1200x516.jpg' alt='Gesundheit als F\u00fchrungsstil - ingna' title='Ingna_Gesundheit_Fuehrungsstil_1200x516'   itemprop=\"contentURL\"  \/><\/div><\/div>\n<div style='height:30px' class='hr hr-invisible '><span class='hr-inner ' ><span class='hr-inner-style'><\/span><\/span><\/div>\n<section class=\"av_textblock_section\"  itemscope=\"itemscope\" itemtype=\"https:\/\/schema.org\/CreativeWork\" ><div class='avia_textblock '   itemprop=\"text\" ><h2>Gesundheit als F\u00fchrungsstil geht neue Wege<\/h2>\n<\/div><\/section>\n<section class=\"av_textblock_section\"  itemscope=\"itemscope\" itemtype=\"https:\/\/schema.org\/CreativeWork\" ><div class='avia_textblock '   itemprop=\"text\" ><p>Gesunde F\u00fchrung zeichnet sich durch eine Kombination aus ergebnisorientierter und inspirierender F\u00fchrung aus. Insbesondere F\u00fchrungskr\u00e4fte, die auf ihre eigene Gesundheit achten, inspirieren ihre Mitarbeiter langfristig. DAS Vorbild!<\/p>\n<p><strong>Gesundheit als F\u00fchrungsstil geht neue Wege. Gehen Sie mit uns:<\/strong><\/p>\n<ul>\n<li>Mit der Reduktion der gesundheitlichen Belastungen am Arbeitsplatz ihrer Mitarbeiter. Dies f\u00f6rdert zudem das Bewusstsein\/die Eigenverantwortung, auf die eigene Gesundheit zu achten.<\/li>\n<li>Mit der Schulung der Mitarbeiter-Medienkompetenz. Damit erm\u00f6glichen Sie Ihren Mitarbeitern ges\u00fcnder, effizienter und mit weniger Stress zu\u00a0 arbeiten.<\/li>\n<\/ul>\n<p><strong>Wirkung:<\/strong><\/p>\n<ul>\n<li>Ein gesunder F\u00fchrungsstil vermittelt Ihre Wertsch\u00e4tzung, die Wertsch\u00e4tzung der Firma am Mitarbeiter.<\/li>\n<li>Wertsch\u00e4tzung f\u00fchrt zur St\u00e4rkung der Mitarbeiterbindung.<\/li>\n<li>Mitarbeiter, die sich ihrem Unternehmen zugeh\u00f6rig f\u00fchlen, sind engagierter, zielorientierter := erfolgreicher.<\/li>\n<\/ul>\n<div class='avia-button-wrap avia-button-left '><a href='https:\/\/www.nachhaltigkeit-ingna.ch\/wordpress\/ueber-ingna\/referenzen\/' class='avia-button  avia-icon_select-no avia-color-theme-color avia-size-medium avia-position-left '  target=\"_blank\"   ><span class='avia_iconbox_title' >Realisierte Projekte belegen dies eindeutig<\/span><\/a><\/div>\n<\/div><\/section>\n<div class=\"flex_column av_one_full  flex_column_div av-zero-column-padding first  \" style='border-radius:0px; '><section class=\"av_textblock_section\"  itemscope=\"itemscope\" itemtype=\"https:\/\/schema.org\/CreativeWork\" ><div class='avia_textblock '   itemprop=\"text\" ><h2><span style=\"color: #009dd1;\">Ja, mein Interesse ist geweckt und ich m\u00f6chte Productive@Work kennenlernen!<\/span><\/h2>\n<\/div><\/section><br \/>\n<div class='avia-button-wrap avia-button-left '><a href='https:\/\/www.nachhaltigkeit-ingna.ch\/wordpress\/ueber-ingna\/kontaktseite\/' class='avia-button  avia-icon_select-no avia-color-theme-color avia-size-large avia-position-left '   ><span class='avia_iconbox_title' >Kontaktieren Sie uns<\/span><\/a><\/div><\/p><\/div>\n<div  class='hr hr-default '><span class='hr-inner ' ><span class='hr-inner-style'><\/span><\/span><\/div>\n<div class=\"flex_column av_one_third  flex_column_div first  \" ><p><div class='avia-image-container  av-styling-   avia-align-center '  itemscope=\"itemscope\" itemtype=\"https:\/\/schema.org\/ImageObject\"  ><div class='avia-image-container-inner'><img class='avia_image ' src='http:\/\/www.nachhaltigkeit-ingna.ch\/wordpress\/wordpress\/wp-content\/uploads\/2017\/08\/Ingna_Gesundheit_Fuehrungsstil.jpg' alt='' title=''   itemprop=\"contentURL\"  \/><\/div><\/div><br \/>\n<div style='height:10px' class='hr hr-invisible '><span class='hr-inner ' ><span class='hr-inner-style'><\/span><\/span><\/div><br \/>\n<section class=\"av_textblock_section\"  itemscope=\"itemscope\" itemtype=\"https:\/\/schema.org\/CreativeWork\" ><div class='avia_textblock '   itemprop=\"text\" ><p><a href=\"http:\/\/nachhaltigkeit-ingna.ch\/wp-content\/uploads\/2014\/12\/GesundeFuehrung.pdf\">Gesunde F\u00fchrung<\/a><\/p>\n<\/div><\/section><\/p><\/div>\n<div class=\"flex_column av_one_third  flex_column_div av-zero-column-padding   \" style='border-radius:0px; '><p><div class='avia-image-container  av-styling-   avia-align-center '  itemscope=\"itemscope\" itemtype=\"https:\/\/schema.org\/ImageObject\"  ><div class='avia-image-container-inner'><img class='avia_image ' src='http:\/\/www.nachhaltigkeit-ingna.ch\/wordpress\/wordpress\/wp-content\/uploads\/2014\/08\/Ingna_Gesundheit_Unternehmenskonzept.jpg' alt='' title=''   itemprop=\"contentURL\"  \/><\/div><\/div><br \/>\n<div style='height:10px' class='hr hr-invisible '><span class='hr-inner ' ><span class='hr-inner-style'><\/span><\/span><\/div><br \/>\n<section class=\"av_textblock_section\"  itemscope=\"itemscope\" itemtype=\"https:\/\/schema.org\/CreativeWork\" ><div class='avia_textblock '   itemprop=\"text\" ><p><a href=\"http:\/\/nachhaltigkeit-ingna.ch\/wp-content\/uploads\/2014\/12\/Wer-seine-Mitarbeiter-falsch-f\u00fchrt.pdf\">Wer seine Mitarbeiter falsch f\u00fchrt<\/a><\/p>\n<\/div><\/section><\/p><\/div>\n<div class=\"flex_column av_one_third  flex_column_div av-zero-column-padding   \" style='border-radius:0px; '><p><div class='avia-image-container  av-styling-   avia-align-center '  itemscope=\"itemscope\" itemtype=\"https:\/\/schema.org\/ImageObject\"  ><div class='avia-image-container-inner'><img class='avia_image ' src='http:\/\/www.nachhaltigkeit-ingna.ch\/wordpress\/wordpress\/wp-content\/uploads\/2017\/08\/Ingna_Gesundes_Arbeitsumfeld.jpg' alt='' title=''   itemprop=\"contentURL\"  \/><\/div><\/div><br \/>\n<div style='height:10px' class='hr hr-invisible '><span class='hr-inner ' ><span class='hr-inner-style'><\/span><\/span><\/div><br \/>\n<section class=\"av_textblock_section\"  itemscope=\"itemscope\" itemtype=\"https:\/\/schema.org\/CreativeWork\" ><div class='avia_textblock '  style='font-size:10px; '  itemprop=\"text\" ><h6><em>Sehr geehrter Chef,<\/em><\/h6>\n<h6><em>hiermit reiche ich meine Krankmeldung ein. Die vielen \u00dcberstunden, der anhaltende Zeitdruck und das schlechte Arbeitsumfeld haben mich k\u00f6rperlich und seelisch geschafft. Die Folgen meines attestierten Burnouts sind Schlaflosigkeit und das Unverm\u00f6gen, mich auf meine Arbeit zu konzentrieren. In meiner 6-monatigen Kur versuche ich mich nun zu regenerieren.<\/em><\/h6>\n<h6><em>Mit freundlichen Gr\u00fcssen <\/em><\/h6>\n<h6><em>H.P.<\/em><\/h6>\n<\/div><\/section><br \/>\n<div class='avia-button-wrap avia-button-center '><a href='https:\/\/www.nachhaltigkeit-ingna.ch\/wordpress\/ueber-ingna\/kontaktseite\/' class='avia-button  avia-icon_select-no avia-color-theme-color avia-size-small avia-position-center '   ><span class='avia_iconbox_title' >Krankmeldungen, wie jene, sind mit enormen Kosten und Mehraufwand f\u00fcr Ihr Unternehmen verbunden. Doch so weit muss es nicht kommen. Schaffen Sie ein gesundes Arbeitsumfeld f\u00fcr Ihre Mitarbeiter. Rufen Sie jetzt an und erhalten Sie wertvolle Impulse.<\/span><\/a><\/div><\/p><\/div>\n","protected":false},"excerpt":{"rendered":"","protected":false},"author":2,"featured_media":2430,"parent":10,"menu_order":0,"comment_status":"closed","ping_status":"open","template":"","meta":{"footnotes":""},"_links":{"self":[{"href":"https:\/\/www.nachhaltigkeit-ingna.ch\/wordpress\/wp-json\/wp\/v2\/pages\/37"}],"collection":[{"href":"https:\/\/www.nachhaltigkeit-ingna.ch\/wordpress\/wp-json\/wp\/v2\/pages"}],"about":[{"href":"https:\/\/www.nachhaltigkeit-ingna.ch\/wordpress\/wp-json\/wp\/v2\/types\/page"}],"author":[{"embeddable":true,"href":"https:\/\/www.nachhaltigkeit-ingna.ch\/wordpress\/wp-json\/wp\/v2\/users\/2"}],"replies":[{"embeddable":true,"href":"https:\/\/www.nachhaltigkeit-ingna.ch\/wordpress\/wp-json\/wp\/v2\/comments?post=37"}],"version-history":[{"count":107,"href":"https:\/\/www.nachhaltigkeit-ingna.ch\/wordpress\/wp-json\/wp\/v2\/pages\/37\/revisions"}],"predecessor-version":[{"id":2866,"href":"https:\/\/www.nachhaltigkeit-ingna.ch\/wordpress\/wp-json\/wp\/v2\/pages\/37\/revisions\/2866"}],"up":[{"embeddable":true,"href":"https:\/\/www.nachhaltigkeit-ingna.ch\/wordpress\/wp-json\/wp\/v2\/pages\/10"}],"wp:featuredmedia":[{"embeddable":true,"href":"https:\/\/www.nachhaltigkeit-ingna.ch\/wordpress\/wp-json\/wp\/v2\/media\/2430"}],"wp:attachment":[{"href":"https:\/\/www.nachhaltigkeit-ingna.ch\/wordpress\/wp-json\/wp\/v2\/media?parent=37"}],"curies":[{"name":"wp","href":"https:\/\/api.w.org\/{rel}","templated":true}]}}