{"id":1333,"date":"2015-01-08T10:27:55","date_gmt":"2015-01-08T10:27:55","guid":{"rendered":"http:\/\/www.nachhaltigkeit-ingna.ch\/wordpress\/wordpress\/wordpress\/wordpress?page_id=1333"},"modified":"2023-11-15T11:16:58","modified_gmt":"2023-11-15T10:16:58","slug":"unsere-partner","status":"publish","type":"page","link":"https:\/\/www.nachhaltigkeit-ingna.ch\/wordpress\/ueber-ingna\/unsere-partner\/","title":{"rendered":"Unsere Partner"},"content":{"rendered":"<div style='padding-bottom:10px;' class='av-special-heading av-special-heading-h1  blockquote modern-quote  '><h1 class='av-special-heading-tag'  itemprop=\"headline\"  >Unsere Partner<\/h1><div class='special-heading-border'><div class='special-heading-inner-border' ><\/div><\/div><\/div>\n<section class=\"av_textblock_section\"  itemscope=\"itemscope\" itemtype=\"https:\/\/schema.org\/CreativeWork\" ><div class='avia_textblock '   itemprop=\"text\" ><p>Hinweis: Wir \u00fcbernehmen keine Verantwortung f\u00fcr den Inhalt der nachfolgend aufgef\u00fchrten Websites.<\/p>\n<h2>Zusammenarbeit \u2013 Partner<\/h2>\n<p><a href=\"http:\/\/www.conceptb.ch\/\" target=\"_blank\" rel=\"noopener\">www.conceptb.ch<\/a> \u00a0\u00a0\u00a0\u00a0\u00a0\u00a0\u00a0\u00a0\u00a0\u00a0\u00a0\u00a0\u00a0\u00a0\u00a0\u00a0\u00a0\u00a0\u00a0\u00a0\u00a0\u00a0\u00a0\u00a0\u00a0\u00a0\u00a0\u00a0\u00a0\u00a0\u00a0\u00a0\u00a0\u00a0\u00a0\u00a0\u00a0\u00a0\u00a0\u00a0\u00a0\u00a0\u00a0\u00a0\u00a0\u00a0\u00a0\u00a0\u00a0\u00a0\u00a0\u00a0\u00a0\u00a0 \u00a0 \u00a0 \u00a0 \u00a0 \u00a0\u00a0 \u00a0 &#8211; gesamte Schweiz<strong><br \/>\n<\/strong>Beraten. Begleiten. Bauen.<br \/>\nIhr Vertrauenspartner f\u00fcr Mensch und Bau.<br \/>\nconcept b ag<br \/>\nAnprechpartner: Roger Britschgi<\/p>\n<p><strong>Minergie ECO\u00ae\u00a0 Abnahmemessung<\/strong><br \/>\nWir messen das GESAMTE Spektrum der geforderten Abnahmemessungen<br \/>\nminergie ECO (R) QS NA9.010 NA9.020 ;\u00a0 NA9.030 NI1.010 MI1.010 NI9.505 MI9.050<br \/>\nNIS \/ Formaldehyd \/ VOC \/ CO2 (Kohlendioxid) \/ Radon<\/p>\n<p>Akkreditierte Partner Raumluft:<br \/>\n<a title=\"minergie ECO Raumluftmessungen\" href=\"https:\/\/umweltchemie.ch\/\" target=\"_blank\" rel=\"noopener\">https:\/\/umweltchemie.ch\/<\/a>\u00a0\u00a0\u00a0\u00a0\u00a0\u00a0\u00a0\u00a0\u00a0\u00a0\u00a0\u00a0\u00a0\u00a0\u00a0\u00a0\u00a0\u00a0\u00a0\u00a0\u00a0\u00a0\u00a0\u00a0\u00a0\u00a0\u00a0\u00a0\u00a0\u00a0\u00a0\u00a0\u00a0\u00a0\u00a0\u00a0\u00a0\u00a0\u00a0\u00a0\u00a0\u00a0\u00a0\u00a0\u00a0\u00a0\u00a0\u00a0\u00a0\u00a0\u00a0\u00a0 &#8211; gesamte Schweiz<br \/>\nB\u00fcro f\u00fcr Umweltchemie, Z\u00fcrich<br \/>\nAnsprechpartner: Mattias Klingler, Daniel Savi<\/p>\n<p>Akkreditierte Blower-Door Messungen:<br \/>\n<a href=\"http:\/\/www.it-bauphysik.ch\/blower-door\" target=\"_blank\" rel=\"noopener\">www.it-bauphysik.ch\/blower-door<\/a><br \/>\nB\u00fcro I+T Bauphysik, Aarau\u00a0\u00a0\u00a0\u00a0\u00a0\u00a0\u00a0\u00a0\u00a0\u00a0\u00a0\u00a0\u00a0\u00a0\u00a0\u00a0\u00a0\u00a0\u00a0\u00a0\u00a0\u00a0\u00a0\u00a0\u00a0\u00a0\u00a0\u00a0\u00a0\u00a0\u00a0\u00a0\u00a0\u00a0\u00a0\u00a0\u00a0\u00a0\u00a0\u00a0\u00a0 \u00a0 \u00a0 \u00a0 \u00a0 \u00a0 &#8211; gesamte Schweiz<br \/>\nAnsprechpartner: Frau Izaldi Wolf<\/p>\n<p><strong>Sanierungen Schimmelpilzsch\u00e4den und Feuchte\u00a0 <\/strong><br \/>\n<a title=\"Sanawall GmbH, weil Schimmel nur unter dem Mikroskop sch\u00f6n aussieht\" href=\"http:\/\/www.sanawall.ch\/\" target=\"_blank\" rel=\"noopener\">www.sanawall.ch<\/a>, Affoltern a. Albis\u00a0\u00a0\u00a0\u00a0\u00a0\u00a0\u00a0\u00a0\u00a0\u00a0\u00a0\u00a0\u00a0\u00a0\u00a0\u00a0\u00a0\u00a0\u00a0\u00a0\u00a0\u00a0\u00a0\u00a0\u00a0\u00a0\u00a0\u00a0\u00a0\u00a0\u00a0 \u00a0 \u00a0 \u00a0 -gesamte\u00a0 Schweiz<br \/>\nAnsprechpartner: Simone Wyss<\/p>\n<p><strong>Bauphysik: bauphysikalische Simulation, CAD-Modellierung<\/strong><\/p>\n<p><a title=\"Institut f\u00fcr Bauhygiene \" href=\"http:\/\/www.bauhygiene.ch\" target=\"_blank\" rel=\"noopener\">www.3dbauphysik.ch<\/a>, Wettingen und Glash\u00fctten<br \/>\nAnsprechpartner: Harald Huth<\/p>\n<p><a href=\"http:\/\/www.corpus-cognito.eu\/\" target=\"_blank\" rel=\"noopener\">www.corpus-cognito.eu<\/a><br \/>\ncorpus cognito &#8211; das europ\u00e4ische Netzwerk von Sachverst\u00e4ndigenb\u00fcros<br \/>\n<strong>Ein<\/strong> L\u00e4nderansprechpartner der professionellen Beratung\/Messtechnik des nachhaltigen Bauens<\/p>\n<h2>Wir sind Mitglied in folgenden Berufsorganisationen\/Gremien<\/h2>\n<p><a href=\"http:\/\/www.fages.org\" target=\"_blank\" rel=\"noopener\">www.fages.org<\/a><br \/>\nSchweizerischer Fachverband Geb\u00e4udeschadstoffe<\/p>\n<p><a href=\"http:\/\/www.sgni.ch\" target=\"_blank\" rel=\"noopener\">www.sgni.ch<\/a><br \/>\nSchweizerische Gesellschaft f\u00fcr Nachhaltiges Immobilienmanagement &#8211; DIE DGNB Schweiz des internationalen Geb\u00e4udelabels<\/p>\n<p><a href=\"http:\/\/www.nnbs.ch\" target=\"_blank\" rel=\"noopener\">www.nnbs.ch<\/a><br \/>\nDas Netzwerk nachhaltigen Bauens Schweiz \u2013 die H\u00fcter \u00fcber die schweizerische Zerrtifizierung nach snbs<\/p>\n<p><a title=\"Eidg. Starkstrom Inspektorat\" href=\"http:\/\/www.esti.ch\" target=\"_blank\" rel=\"noopener\">www.esti.ch<\/a><br \/>\nEidgen\u00f6ssisches Starkstrominspektorat, unser \u00dcberwachungsorgan der Lizenzen<br \/>\nKontrolllizenz K-00883, Installations-Konzession: I-05918<\/p>\n<p><a href=\"http:\/\/www.electrosuisse.ch\/\" target=\"_blank\" rel=\"noopener\">www.electrosuisse.ch<br \/>\n<\/a>Fachverband f\u00fcr Elektro-, Energie- und Informationstechnik<\/p>\n<p><a href=\"http:\/\/www.ohne-elektrosmog-wohnen.de\/\" target=\"_blank\" rel=\"noopener\">www.baubiologie.net<\/a><br \/>\nBerufsverband Deutscher Baubiologen \u2013 der einzige Berufsverband Europas f\u00fcr die professionellen Berater und Messtechniker im nachhaltigen Bauen<\/p>\n<p><a href=\"http:\/\/www.ohne-elektrosmog-wohnen.de\/\" target=\"_blank\" rel=\"noopener\">www.ohne-elektrosmog-wohnen.de<\/a><br \/>\nInfos und Adressen rund um Elektrosmog (CH, D, A)<\/p>\n<p><a title=\"St\u00f6r - Schall-Such-Experten Europa\" href=\"http:\/\/www.schallteam.net\" target=\"_blank\" rel=\"noopener\">www.schallteam.net<\/a> &#8211; seit 2011<br \/>\ndas Netzwerk der f\u00fchrenden Akustik-Probleml\u00f6ser in Sachen leiser und st\u00f6render Ger\u00e4usche\u00a0 &#8211; St\u00f6rschall<\/p>\n<h2><\/h2>\n<h2>Gesunde und \u00f6kologische Produkte \u2013 Partner<\/h2>\n<p><a href=\"http:\/\/www.smartmaterials.ch\" target=\"_blank\" rel=\"noopener\">www.smartmaterials.ch<\/a><br \/>\nWebShop, Erst-Produkt-Partnerfirma<br \/>\nGr\u00f6sse Palette an nat\u00fcrlichen Materialien f\u00fcr Bau, Umbau und Leben<\/p>\n<p><strong>Firmen mit Aussendienst<\/strong><br \/>\n<a href=\"http:\/\/www.haganatur.ch\/\" target=\"_blank\" rel=\"noopener\">www.haganatur.ch<\/a><br \/>\nHaga AG, Rupperswil AG<br \/>\nNaturbaustoffe, Esmog-Abschirmmaterial<\/p>\n<p><a href=\"http:\/\/www.stroba.ch\" target=\"_blank\" rel=\"noopener\">www.stroba.ch<\/a><br \/>\nStroba AG, Winterthur<br \/>\nNaturbaustroffe, Lehm, Farben etc.<\/p>\n<p><a href=\"http:\/\/www.obm-bionik.ch\/produkte\/\" target=\"_blank\" rel=\"noopener\">www.obm-bionik.ch\/produkte\/<\/a><br \/>\nOBM Bionik<br \/>\nNaturbaustoffe, Lehm, Farben, Lehmheizung etc.<\/p>\n<h2>Heilpraktiker und \u00c4rzte \u2013 Netzwerk<\/h2>\n<p><a href=\"http:\/\/www.aefu.ch\/\" target=\"_blank\" rel=\"noopener\">www.aefu.ch<\/a><br \/>\n\u00c4rzte f\u00fcr Umweltschutz Schweiz<\/p>\n<h2>Radi\u00e4sthesie\/Erdstrahlen \u2013 Partner<\/h2>\n<p><a href=\"http:\/\/www.strahlenschutz-ag.ch\" target=\"_blank\" rel=\"noopener\">www.strahlenschutz-ag.ch<\/a><br \/>\nStrahlenschutz Schweiz, Bern<br \/>\nAnsprechpartner: Bj\u00f6rn Maibach<\/p>\n<\/div><\/section>\n","protected":false},"excerpt":{"rendered":"","protected":false},"author":4,"featured_media":394,"parent":16,"menu_order":0,"comment_status":"open","ping_status":"open","template":"","meta":{"footnotes":""},"_links":{"self":[{"href":"https:\/\/www.nachhaltigkeit-ingna.ch\/wordpress\/wp-json\/wp\/v2\/pages\/1333"}],"collection":[{"href":"https:\/\/www.nachhaltigkeit-ingna.ch\/wordpress\/wp-json\/wp\/v2\/pages"}],"about":[{"href":"https:\/\/www.nachhaltigkeit-ingna.ch\/wordpress\/wp-json\/wp\/v2\/types\/page"}],"author":[{"embeddable":true,"href":"https:\/\/www.nachhaltigkeit-ingna.ch\/wordpress\/wp-json\/wp\/v2\/users\/4"}],"replies":[{"embeddable":true,"href":"https:\/\/www.nachhaltigkeit-ingna.ch\/wordpress\/wp-json\/wp\/v2\/comments?post=1333"}],"version-history":[{"count":43,"href":"https:\/\/www.nachhaltigkeit-ingna.ch\/wordpress\/wp-json\/wp\/v2\/pages\/1333\/revisions"}],"predecessor-version":[{"id":4145,"href":"https:\/\/www.nachhaltigkeit-ingna.ch\/wordpress\/wp-json\/wp\/v2\/pages\/1333\/revisions\/4145"}],"up":[{"embeddable":true,"href":"https:\/\/www.nachhaltigkeit-ingna.ch\/wordpress\/wp-json\/wp\/v2\/pages\/16"}],"wp:featuredmedia":[{"embeddable":true,"href":"https:\/\/www.nachhaltigkeit-ingna.ch\/wordpress\/wp-json\/wp\/v2\/media\/394"}],"wp:attachment":[{"href":"https:\/\/www.nachhaltigkeit-ingna.ch\/wordpress\/wp-json\/wp\/v2\/media?parent=1333"}],"curies":[{"name":"wp","href":"https:\/\/api.w.org\/{rel}","templated":true}]}}